{"id":22668,"date":"2021-09-10T14:45:00","date_gmt":"2021-09-10T14:45:00","guid":{"rendered":"https:\/\/museobarrioelmorro.cl\/?page_id=22668"},"modified":"2023-12-15T01:02:04","modified_gmt":"2023-12-15T01:02:04","slug":"el-morro-en-el-pasado-lejano","status":"publish","type":"page","link":"https:\/\/museobarrioelmorro.cl\/index.php\/el-morro-en-el-pasado-lejano\/","title":{"rendered":"El Morro en el pasado lejano"},"content":{"rendered":"<section class=\"wpb-content-wrapper\"><section class=\"vc_row wpb_row vc_row-fluid   wow fadeIn\"><div class=\"wpb_column vc_column_container vc_col-sm-12  col-xs-mobile-fullwidth\"><div class=\"vc_column-inner \"><div class=\"wpb_wrapper\"><h6 class=\"text-extra-dark-gray margin-20px-bottom font-weight-600 display-inline-block alt-font heading-style2  heading-1\"  style=\"font-weight: 500;\">El Morro en el pasado lejano: geomorfolog\u00eda, arqueolog\u00eda e historia hasta fines del periodo colonial.<\/h6><div class=\"text-medium-gray text-small margin-5px-bottom alt-font heading-style4  vc_custom_1631285776798  heading-2\"  style=\"font-size: 16px; line-height: 23px; color: #ff214f;\" data-fontsize=\"16px\" data-lineheight=\"23px\">Dami\u00e1n Lo Ch\u00e1vez<\/div><div class=\"last-paragraph-no-margin\"><p style=\"text-align: justify;\">En este primer apartado abordaremos algunos elementos asociados a tiempos remotos y que definieron el sector desde eras geol\u00f3gicas pasadas hasta fines del periodo colonial en el que Tarapac\u00e1 form\u00f3 parte del Virreinato del Per\u00fa. Es importante recalcar que la historia del Iquique colonial es, esencialmente, la historia del Morro por concentrar este sector la mayor parte de la poblaci\u00f3n dedicada a la pesca, la extracci\u00f3n de guano y el<span class=\"Apple-converted-space\">\u00a0 <\/span>tr\u00e1fico portuario a peque\u00f1a escala. Es posible que El Morro haya sido habitado de forma permanente en el pasado prehisp\u00e1nico por pueblos originarios, sin embargo no contamos con evidencias arqueol\u00f3gicas decisivas al respecto. Sin embargo es probable este sector haya sido escenario de las actividades de los pobladores del temprano asentamiento de Ique-Ique que han sido identificados en dos cementerios precolombinos del periodo agroalfarero tard\u00edo. Estos registran la influencia de la Cultura Arica, adem\u00e1s de los cazadores recolectores costeros denominados com\u00fanmente como \u201ccamanchacas\u201d o \u201cchangos\u201d.<\/p>\n<p style=\"text-align: justify;\">No existe consenso cient\u00edfico respecto del origen morfol\u00f3gico del litoral tarapaque\u00f1o que actualmente alberga la ciudad de Iquique.<span class=\"Apple-converted-space\">\u00a0 <\/span>Sin embargo contamos con algunas ideas generales que explican la peculiar conformaci\u00f3n del espacio a estudiar. La denominaci\u00f3n com\u00fanmente usada de \u201cplanicie litoral\u201d no debe entenderse en sentido literal. Por el contrario, la actividad tect\u00f3nica, asociada a las fallas transversales en la parte occidental de la cordillera de la costa,<span class=\"Apple-converted-space\">\u00a0 <\/span>ha configurado una serie de elevaciones y escalones solevantados. No se trata de una planicie absoluta y, adem\u00e1s, la roca del subsuelo var\u00eda seg\u00fan nos desplazamos por el espacio litoral.<span class=\"Apple-converted-space\">\u00a0 <\/span>Es as\u00ed como la planicie litoral iquique\u00f1a exhibe una serie de niveles en sectores como El Colorado, La Cantera, Bajo Molle y, desde luego, el Morro.<span class=\"Apple-converted-space\">\u00a0 <\/span>La actividad humana ha transformado este paisaje encontrado por sus primeros habitantes. Es decir, la actividad social del ser humano intervino en el espacio dando lugar a una nueva configuraci\u00f3n espacial. Es por ello que la elevaci\u00f3n morrina que resguard\u00f3 el sector del maremoto de agosto de 1868 hoy no se percibe tan pronunciada dado el intenso proceso de nivelaci\u00f3n y rectificaci\u00f3n de calles de fines del siglo XIX. El paisaje prehisp\u00e1nico que dibuj\u00f3 Patricio Advis en base al conocimiento arqueol\u00f3gico disponible, ha sufrido considerables transformaciones, especialmente al calor de la modernizaci\u00f3n capitalista decimon\u00f3nica.<\/p>\n<\/div><div class=\"separator-line-horrizontal-full bg-extra-light-gray center-col pofo-separator  vc_custom_1507542669698\" style=\"background-color:#e0e0e0;\"><\/div>[vc_single_image image=&#8221;22671&#8243; img_size=&#8221;full&#8221; alignment=&#8221;center&#8221; style=&#8221;vc_box_rounded&#8221;][vc_message message_box_color=&#8221;success&#8221;]Plano de Patricio Advis en base a hallazgos arqueol\u00f3gicos de Lautaro N\u00fa\u00f1ez. Revela un espacio costero vinculado al Morro y al mar, habitado y transitado desde tiempos inmemoriales.[\/vc_message]<div class=\"separator-line-horrizontal-full bg-extra-light-gray center-col pofo-separator  vc_custom_1507542669698\" style=\"background-color:#e0e0e0;\"><\/div><div class=\"last-paragraph-no-margin\"><p style=\"text-align: justify;\">Este promontorio y sus alrededores fueron peri\u00f3dicamente habitados por pueblos cazadores cazadores-recolectores que dejaron un extenso legado en forma de patrimonio arqueol\u00f3gico tanto en el borde costero de Iquique y otros puntos de la ciudad. Estos tempranos habitantes del sector fueron identificados como \u201ccamanchacas\u201d y variantes del mismo vocablo seg\u00fan figuran en registros de bautismos del siglo XVII resguardados por el Obispado de Iquique.<\/p>\n<p style=\"text-align: justify;\"><span class=\"Apple-converted-space\">\u00a0<\/span>En 1540 le fue entregada la primera encomienda al espa\u00f1ol Lucas Mart\u00ednez Vegazo<span class=\"Apple-converted-space\">\u00a0 <\/span>y comenz\u00f3 la articulaci\u00f3n del Estado colonial en el Tarapac\u00e1. Iquique, que en este entonces se circunscribe al espacio que hoy conocemos como Barrio El Morro, se integr\u00f3 en los circuitos econ\u00f3micos coloniales del Sur Andino. Se sucedieron diversos personajes de inter\u00e9s como encomenderos de los ind\u00edgenas del litoral y concesionarios de la isla de Iquique. Esta \u00faltima, propiedad de la Corona espa\u00f1ola, fue un rico dep\u00f3sito de guano que fue explotado hasta la d\u00e9cada de 1780 denominada \u201cde Cuadros\u201d por el \u00faltimo arrendatario, el espa\u00f1ol Antonio Cuadros.<span class=\"Apple-converted-space\">\u00a0<\/span><\/p>\n<p style=\"text-align: justify;\">El guano era comerciado por mar y trasladado por caravanas hacia territorios vecinos y hacia las comunidades agr\u00edcolas de los oasis y la precordillera e incluso hacia el altiplano en el Alto Per\u00fa. Los productos marinos recorr\u00edan una ruta similar<span class=\"Apple-converted-space\">\u00a0 <\/span>teniendo como importante destino las minas de Huantajaya y Santa Rosa, centros neur\u00e1lgicos de la econom\u00eda colonial tarapaque\u00f1a. El traslado de productos de consumo, minerales y otros requer\u00eda de caravanas de llamas y mulas que consum\u00edan ingentes cantidades de forraje cultivado en tierras abonadas con guano, completando un circuito que integraba los diversos pisos ecol\u00f3gicos del territorio.<span class=\"Apple-converted-space\">\u00a0 <\/span>En la pesca fue caracter\u00edstico el trabajo de los habitantes ind\u00edgenas del litoral con su tecnolog\u00eda de factura propia y en la extracci\u00f3n de guano fueron comunes los esclavos negros de quienes hubo cantidades fluctuantes a lo largo del periodo colonial.<span class=\"Apple-converted-space\">\u00a0<\/span><\/p>\n<\/div><div class=\"separator-line-horrizontal-full bg-extra-light-gray center-col pofo-separator  vc_custom_1507542669698\" style=\"background-color:#e0e0e0;\"><\/div>[vc_single_image image=&#8221;22679&#8243; img_size=&#8221;full&#8221; alignment=&#8221;center&#8221; style=&#8221;vc_box_rounded&#8221;][vc_message message_box_color=&#8221;success&#8221;]Diversas formas de escribir \u201cPuerto de Iquique\u201d en documentos coloniales del siglo XVIII. En este caso expedientes judiciales existentes en el Fondo del Juzgado del Crimen de Iquique en el Archivo Nacional.[\/vc_message]<div class=\"separator-line-horrizontal-full bg-extra-light-gray center-col pofo-separator  vc_custom_1507542669698\" style=\"background-color:#e0e0e0;\"><\/div><div class=\"last-paragraph-no-margin\"><p style=\"text-align: justify;\">La materialidad constructiva de esta lejana \u00e9poca del temprano dominio colonial no ha llegado hasta nuestros d\u00edas pero relatos y cr\u00f3nicas nos hablan de una constructividad de matriz hispana en piedra, conchuela y tejados de material ligero en conjunto con viviendas de materiales tales como huesos de ballena y cueros de lobo de mar. Uno de los principales edificios del poblado fue la iglesia, denominador com\u00fan central de todo asentamiento inserto en el orden colonial hispano. Respecto de estas puede se\u00f1alarse la descripci\u00f3n del corsario Bartolom\u00e9 Sharp qui\u00e9n asalt\u00f3 el poblado en 1681: un edificio construido en piedra y adornado con pieles de lobo marino. Los piratas robaron de ella una serie de elementos de valor propios del culto cat\u00f3lico y de la ornamentaci\u00f3n religiosa, quiz\u00e1 los bienes materiales m\u00e1s valiosos existentes en el humilde poblado. Esta primera capilla data de la primera mitad del siglo XVII seg\u00fan se desprende de testamentos y visitas de autoridades eclesi\u00e1sticas al territorio. La Viceparroquia de Iquique depend\u00eda de la parroquia de San Lorenzo de Tarapac\u00e1 conformando una Doctrina: unidad territorial que serv\u00eda tanto para fines de la organizaci\u00f3n eclesi\u00e1stica como de la administraci\u00f3n civil. Estuvo consagrada desde aquel lejano periodo hasta el presente a Nuestra Se\u00f1ora de la Concepci\u00f3n, a quien las autoridades eclesi\u00e1sticas chilenas le a\u00f1adieron \u201cpur\u00edsima\u201d tras la Guerra del Pac\u00edfico. Si bien la evoluci\u00f3n de la antigua administraci\u00f3n colonial puede parecer compleja, es importante destacar que hacia la segunda mitad del siglo XVI, Tarapac\u00e1 fue organizado en cuatro doctrinas: Sibaya, Cami\u00f1a, Pica y Tarapac\u00e1, quedando el asentamiento costero de Iquique en esta \u00faltima. Tarapac\u00e1 fue organizada como un tenientazgo, a cargo de un teniente, encargado pol\u00edtico y militar, subordinado al gobernador del corregimiento de Arica, creado en 1565.<\/p>\n<p style=\"text-align: justify;\">En 1768, el Virrey del Per\u00fa Manuel Amat y Juniet instituy\u00f3 el Corregimiento de Tarapac\u00e1 y design\u00f3 un primer gobernador, Antonio O\u2019Brien, c\u00e9lebre personaje de la historia regional. Este personaje dej\u00f3 una interesante descripci\u00f3n del poblado de Iquique, llamado por \u00e9l \u201cYqueyque\u201d, sus habitantes y sus costumbres:<\/p>\n<p style=\"padding-left: 40px; text-align: justify;\">\u201c (\u2026) est\u00e1 formado por una punta que sale de la playa y una peque\u00f1a isla llamada del Huano, que casi se une a la punta de tierra, de modo que entre esta isla y la tierra solo pasan las balsas de indios pescadores, que son de cuero de lobo marino y llenos de aire (&#8230;) La poblaci\u00f3n de este puerto se compone del arrendatario, a quien llaman vulgarmente el portero, un alcalde y un alguacil de indios, y veinte y cinco a treinta indios de encomienda y algunos mestizos\u201d<\/p>\n<p style=\"text-align: justify;\">O\u2019Brien tambi\u00e9n consign\u00f3 una extra\u00f1a costumbre que bien pudo haberse debido a alguna circunstancia particular o caso aislado. Supuestamente la gente del pueblo no enterrar\u00eda a los fallecidos por la dureza del suelo, si no que los arrimaban a la pared de la iglesia donde estos se momificar\u00edan naturalmente. Este templo existi\u00f3 hasta fines del siglo XVIII cuando Antonio Cuadros financi\u00f3 la erecci\u00f3n de una nueva iglesia seg\u00fan testamento fechado en 1788. En ese entonces el territorio de Tarapac\u00e1 se hab\u00eda constituido como Partido, con las mismas doctrinas del extinto corregimiento, dependiente de la intendencia de Arequipa.<span class=\"Apple-converted-space\">\u00a0 <\/span>La \u201cpunta que sale de la playa\u201d es temprana descripci\u00f3n de lo que hoy conocemos como \u201cEl Morro\u201d.<\/p>\n<\/div><div class=\"separator-line-horrizontal-full bg-extra-light-gray center-col pofo-separator  vc_custom_1507542669698\" style=\"background-color:#e0e0e0;\"><\/div>[vc_single_image image=&#8221;22682&#8243; img_size=&#8221;full&#8221; alignment=&#8221;center&#8221; style=&#8221;vc_box_rounded&#8221;][vc_empty_space][vc_single_image image=&#8221;22683&#8243; img_size=&#8221;full&#8221; alignment=&#8221;center&#8221; style=&#8221;vc_box_rounded&#8221;][vc_message message_box_color=&#8221;success&#8221;]La Intendencia de Arequipa: erigida en 1784 a fines del periodo colonial, y el Partido de Tarapac\u00e1,<span class=\"Apple-converted-space\">\u00a0<\/span>seg\u00fan planos levantados por los intendentes, existentes en el Archivo de Indias en Sevilla a trav\u00e9s del Portal de Archivos Espa\u00f1oles.[\/vc_message][vc_single_image image=&#8221;22685&#8243; img_size=&#8221;full&#8221; alignment=&#8221;center&#8221; style=&#8221;vc_box_rounded&#8221;][vc_message message_box_color=&#8221;success&#8221;]Fragmento de plano de Iquique y Huantajaya seg\u00fan O\u2019Brien hacia 1767. A pesar de su inexactitud, representa \u201cla punta\u201d que sobresale, es decir el Morro, y su relaci\u00f3n con la isla.[\/vc_message][vc_single_image image=&#8221;22690&#8243; img_size=&#8221;full&#8221; alignment=&#8221;center&#8221; style=&#8221;vc_box_rounded&#8221;][vc_message message_box_color=&#8221;success&#8221;]Fragmento de dibujo de Jorge Smith de 1855 en el que sobresale la iglesia colonial erigida por Antonio Cuadros y su campanario, en el centro del Morro.[\/vc_message][vc_single_image image=&#8221;22691&#8243; img_size=&#8221;full&#8221; alignment=&#8221;center&#8221; style=&#8221;vc_box_rounded&#8221;][vc_message message_box_color=&#8221;success&#8221;]La iglesia colonial, al centro con letra A, articul\u00f3 el poblado de Iquique hasta entrado el siglo XIX, cuando este ya se transformaba en ciudad.[\/vc_message][vc_single_image image=&#8221;22692&#8243; img_size=&#8221;full&#8221; alignment=&#8221;center&#8221; style=&#8221;vc_box_rounded&#8221;][vc_message message_box_color=&#8221;success&#8221;]Fragmento de plano de principios del siglo XVIII levantado por la marina francesa y existente en la Biblioteca del Congreso de EE.UU. Se aprecia la primera iglesia del pueblo y casas en lo que actualmente es El Morro.[\/vc_message]<\/div><\/div><\/div><\/section><section data-vc-full-width=\"true\" data-vc-full-width-init=\"false\" class=\"vc_row wpb_row vc_row-fluid  vc_custom_1631296719918 vc_row-has-fill pofo-stretch-content pofo-stretch-row-container\"><div class=\"wpb_column vc_column_container vc_col-sm-12  col-xs-mobile-fullwidth\"><div class=\"vc_column-inner \"><div class=\"wpb_wrapper\"><div class=\"last-paragraph-no-margin\" style=\"color: #ffffff;\"><p style=\"text-align: center;\"><strong>El cuadro siguiente clasifica a los habitantes del pueblo de Iquique y el asentamiento del Morro seg\u00fan etnia y sexo hacia fines del periodo colonial, 1813:<\/strong><\/p>\n<\/div><div class=\"last-paragraph-no-margin\" style=\"color: #ffffff;\"><table class=\" aligncenter\" style=\"height: 151px;\" width=\"767\" cellspacing=\"0\" cellpadding=\"0\">\n<tbody>\n<tr>\n<td valign=\"middle\"><b>sexo<\/b><\/td>\n<td valign=\"middle\"><b>indios<\/b><\/td>\n<td valign=\"middle\"><b>mestizos<\/b><\/td>\n<td valign=\"middle\"><b>espa\u00f1oles<\/b><\/td>\n<td valign=\"middle\"><b>criollos<\/b><\/td>\n<td valign=\"middle\"><b>Negros esclavos<\/b><\/td>\n<td valign=\"middle\"><b>Negros libres<\/b><\/td>\n<td valign=\"middle\"><b>Zambos, mulatos y otros<\/b><\/td>\n<td valign=\"middle\"><b>Total<\/b><\/td>\n<\/tr>\n<tr>\n<td valign=\"middle\"><b>Hombres<\/b><\/td>\n<td valign=\"middle\">60<\/td>\n<td valign=\"middle\">45<\/td>\n<td valign=\"middle\">4<\/td>\n<td valign=\"middle\">22<\/td>\n<td valign=\"middle\">1<\/td>\n<td valign=\"middle\">0<\/td>\n<td valign=\"middle\">20<\/td>\n<td valign=\"middle\">152<\/td>\n<\/tr>\n<tr>\n<td valign=\"middle\"><b>Mujeres<\/b><\/td>\n<td valign=\"middle\">43<\/td>\n<td valign=\"middle\">58<\/td>\n<td valign=\"middle\">1<\/td>\n<td valign=\"middle\">12<\/td>\n<td valign=\"middle\">0<\/td>\n<td valign=\"middle\">1<\/td>\n<td valign=\"middle\">33<\/td>\n<td valign=\"middle\">148<\/td>\n<\/tr>\n<tr>\n<td valign=\"middle\"><b>Totales\u00a0<\/b><\/td>\n<td valign=\"middle\">103<\/td>\n<td valign=\"middle\">103<\/td>\n<td valign=\"middle\">5<\/td>\n<td valign=\"middle\">34<\/td>\n<td valign=\"middle\">1<\/td>\n<td valign=\"middle\">1<\/td>\n<td valign=\"middle\">53<\/td>\n<td valign=\"middle\">300<\/td>\n<\/tr>\n<\/tbody>\n<\/table>\n<\/div>[vc_message message_box_color=&#8221;success&#8221;]Ministerio de Relaciones Exteriores del Per\u00fa, Archivo Hist\u00f3rico de L\u00edmites, Padr\u00f3n de Tarapac\u00e1 de 1813, Tap 001.[\/vc_message]<\/div><\/div><\/div><\/section><div class=\"vc_row-full-width vc_clearfix\"><\/div><section class=\"vc_row wpb_row vc_row-fluid   wow fadeIn\"><div class=\"wpb_column vc_column_container vc_col-sm-12  col-xs-mobile-fullwidth\"><div class=\"vc_column-inner \"><div class=\"wpb_wrapper\"><div class=\"last-paragraph-no-margin\"><p style=\"text-align: justify;\">Podemos observar fen\u00f3menos de inter\u00e9s que dan cuenta de una sociedad que ha recorrido siglos de desarrollo hist\u00f3rico en el sistema colonial y que evidencia tendencias del inminente transito republicano. Al terminar las faenas guaneras que concentraban mano de obra esclava descendi\u00f3<span class=\"Apple-converted-space\">\u00a0 <\/span>notablemente la presencia de esclavos negros. Sin embargo, estos, presentes tanto en Iquique como en las minas de plata cercanas, se vincularon con otros sectores de la poblaci\u00f3n dando origen a las denominadas castas de color que conformaron un amplio espectro de sujetos afrodescendientes, base de los sectores populares modernos y tercera mayor\u00eda de la poblaci\u00f3n local. La poblaci\u00f3n ind\u00edgena se mantuvo estable a lo largo del tiempo compartiendo una mayor\u00eda relativa con los mestizos. Estos \u00faltimos fueron el principal componente y actor social de la inminente sociedad republicana. La presencia de espa\u00f1oles europeos y americanos revela que existen a\u00fan modestos intereses econ\u00f3micos en el poblado as\u00ed como autoridades locales. Mucho m\u00e1s podr\u00edamos decir de la demograf\u00eda hist\u00f3rica iquique\u00f1a, sin embargo estos datos son suficientes para saber, a grandes rasgos, como era la sociedad que poblaba las costas iquique\u00f1as y el Morro a fines del periodo colonial.<\/p>\n<p style=\"text-align: justify;\">Tarapac\u00e1 se mantuvo bajo control realista a pesar de la proclamaci\u00f3n de la independencia de la Rep\u00fablica del Per\u00fa en julio de 1821. El virrey de la Serna y tropas leales a la corona controlaban a\u00fan importantes territorios de lo que hoy es Bolivia, Chile y el sur del Per\u00fa. Consolidar la independencia de la joven rep\u00fablica y terminar definitivamente con el Virreinato requer\u00eda capturar los denominados \u201cPuertos Intermedios\u201d para invadir los territorios realistas. En este contexto se produjo la tentativa de desembarco y captura de Iquique un 13 de febrero de 1823. El general chileno y comandante de la expedici\u00f3n patriota intent\u00f3 desembarcar frente a la iglesia construida en 1788 por Antonio Cuadros, arrendatario de la isla. En vez de reunirse con tropas patriotas como esperaba, fue emboscado por un contingente realista comandado por el brigadier Pedro Ola\u00f1eta, mon\u00e1rquico fan\u00e1tico que luchar\u00eda por la causa realista hasta el final. Gracias a la certeza respecto de la ubicaci\u00f3n de la iglesia en el espacio correspondiente actual edificio del Ministerio de Obras P\u00fablicas, es posible establecer un punto aproximado de este desembarco en el punto de la costa que coincide con calle Serrano. <span class=\"Apple-converted-space\">\u00a0 <\/span>El fin del dominio colonial en Tarapac\u00e1 solo se confirm\u00f3 a partir de la decisiva victoria patriota en Ayacucho en 1824.<\/p>\n<p style=\"text-align: justify;\">La arqueolog\u00eda en el sector del Morro comprende algunos hitos de inter\u00e9s en d\u00e9cadas anteriores y tiempos recientes. Se trata principalmente de vestigios del cementerio asociado a la Iglesia de Nuestra Se\u00f1ora de la Concepci\u00f3n de Iquique. Costumbre heredada de la Edad Media, los entierros se hac\u00edan cerca de la casa de Dios: los personajes prominentes bajo la iglesia y la gente sencilla en torno a ella. Es as\u00ed que el Morro, con la presencia documentada de al menos dos iglesias coloniales, cuenta con un interesante cementerio en sus m\u00e1rgenes septentrionales, especialmente en torno al edificio del Ministerio de Obras P\u00fablicas donde se ubic\u00f3 aproximadamente la iglesia construida por Cuadros a fines del siglo XVIII. En 1927 se re descubri\u00f3 por vez primera este viejo cementerio con motivos de la colocaci\u00f3n de ca\u00f1er\u00edas en calle Pedro Lagos.<\/p>\n<\/div>[vc_empty_space]<div class=\"vc_row wpb_row vc_inner vc_row-fluid\"><div class=\"wpb_column vc_column_container vc_col-sm-6  col-xs-mobile-fullwidth\"><div class=\"vc_column-inner \"><div class=\"wpb_wrapper\">[vc_single_image image=&#8221;22699&#8243; img_size=&#8221;full&#8221; alignment=&#8221;center&#8221; style=&#8221;vc_box_rounded&#8221;][vc_message message_box_color=&#8221;success&#8221;]<i>El Tarapac\u00e1<\/i>, 3 de marzo de 1927[\/vc_message]<\/div><\/div><\/div><div class=\"wpb_column vc_column_container vc_col-sm-6  col-xs-mobile-fullwidth\"><div class=\"vc_column-inner \"><div class=\"wpb_wrapper\"><div class=\"last-paragraph-no-margin\"><p style=\"text-align: justify;\">Posteriormente, al construirse la sede del Ministerio de Obras P\u00fablicas, en 1986, emergieron numerosas osamentas, textiles coloniales y concentraciones de cr\u00e1neos y huesos largos seg\u00fan antecedentes recabados por el arque\u00f3logo Julio Sanhueza. Lamentablemente, las circunstancias pol\u00edticas de la \u00e9poca no permitieron una investigaci\u00f3n en mayor profundidad.<span class=\"Apple-converted-space\">\u00a0 <\/span>En abril de 2013, reparaciones en la casa ubicada en Thompson 115 desenterraron, por tercera vez, este cementerio, encontr\u00e1ndose numerosas osamentas asociadas a dicho cementerio con distintos grados de perturbaci\u00f3n. En ellas, el arque\u00f3logo Luis P\u00e9rez Reyes, pudo identificar elementos ind\u00edgenas asociados al periodo colonial. Finalmente, durante el a\u00f1o 2020 un equipo multidisciplinario realiz\u00f3 un completo trabajo de investigaci\u00f3n hist\u00f3rica y arqueol\u00f3gica en torno al borde costero morrino con motivo del nuevo paseo peatonal que proyecta la Direcci\u00f3n de Obras Portuarias. En este contexto los arque\u00f3logos Lautaro N\u00fa\u00f1ez, \u00c1ngel Cabezas y V\u00edctor Bugue\u00f1o realizaron una prospecci\u00f3n y abrieron 10 pozos de sondeo en los cuales identificaron principalmente restos asociados a la antigua industria sider\u00fargica y al muellaje salitrero, especialmente del periodo republicano peruano.<span class=\"Apple-converted-space\">\u00a0<\/span><\/p>\n<\/div><\/div><\/div><\/div><\/div><\/div><\/div><\/div><\/section><section class=\"vc_row wpb_row vc_row-fluid\"><div class=\"wpb_column vc_column_container vc_col-sm-12  col-xs-mobile-fullwidth\"><div class=\"vc_column-inner \"><div class=\"wpb_wrapper\"><div class=\"last-paragraph-no-margin\"><p><b>Archivos consultados y fuentes primarias<\/b><\/p>\n<p>Ministerio de Relaciones Exteriores del Per\u00fa, Archivo Hist\u00f3rico de L\u00edmites.<\/p>\n<p>Portal de Archivos Espa\u00f1oles, Archivo de Indias.<\/p>\n<p>Diario <i>El Tarapac\u00e1.<\/i><\/p>\n<p><b>Bibliograf\u00eda<\/b><\/p>\n<p>Advis, P. (1990). El Ique-Ique de los pescadores. La<span class=\"Apple-converted-space\">\u00a0 <\/span>Caleta Pre-Hisp\u00e1nica (1535).<span class=\"Apple-converted-space\">\u00a0 <\/span>Camanchaca, 11,37-44.<\/p>\n<p>Aguilar, J., &amp; Cisternas, P. (2013). Pesquer\u00edas coloniales de Tarapac\u00e1, siglo XVII. Mercado interno y cristianizaci\u00f3n. <i>Allpanchis, (<\/i>81-82), 155-195.<\/p>\n<p>Cabezas, A. 2020. L\u00ednea de base arqueol\u00f3gica superficial proyecto paseo peatonal costero barrio hist\u00f3rico \u201cEl morro\u201d Iquique. Iquique: Direcci\u00f3n de Obras Portuarias.<\/p>\n<p>Castro, L. (2018). \u201cEl proceso independentista en el extremo sur del Per\u00fa: desde la invasi\u00f3n de Juli\u00e1n de Pe\u00f1aranda hasta la sublevaci\u00f3n de Pascual Flores (Tarapac\u00e1, 1815-1822)\u201d. <i>Historia <\/i>51 (2), pp.365-392.<\/p>\n<p>Donoso, C. (2007).\u00a0<i>Estado y sociedad en Iquique bajo administraci\u00f3n peruana 1821-1872<\/i>\u00a0(tesis doctoral para optar al grado en Historia, menci\u00f3n Historia de Chile). Facultad de Filosof\u00eda y Humanidades, Departamento de Ciencias Hist\u00f3ricas, Universidad de Chile, Santiago.<\/p>\n<p>Glave, L. M., &amp; D\u00edaz, A. (2020). Cl\u00e9rigos y encomiendas en Tarapac\u00e1. Relaciones de la implantaci\u00f3n del orden colonial durante el siglo XVI. <i>Revista Cultura y Religi\u00f3n, 14<\/i>(2), 79-99.<\/p>\n<p>Hidalgo, J. (2009). Civilizaci\u00f3n y fomento: la descripci\u00f3n de &#8220;Tarapac\u00e1&#8221; de O&#8217;Brien, 1765. <i>Chunagar\u00e1, Revista de Antropolog\u00eda Chilena, 41<\/i>(1), 5-44.<\/p>\n<p>Larra\u00edn, H., &amp; Bugue\u00f1o,V. (2011). Presencia de un ayllu de camanchacas en el puerto de Iquique en el siglo XVII.\u00a0<i>Revista de geograf\u00eda Norte Grande<\/i>, (50), 7-21.<\/p>\n<p>N\u00fa\u00f1ez, L., &amp; Nielsen, A. (2011). Caminante, si hay camino: reflexiones sobre el trafico Sur Andino. En L. N\u00fa\u00f1ez, &amp; A. Nielsen. En ruta: arqueolog\u00eda, historia y etnograf\u00eda del tr\u00e1fico sur andino (p\u00e1gs.11-42). C\u00f3rdoba: Encuentro Grupo Editor.<\/p>\n<p>Santos, M. (2000). <i>La naturaleza del espacio. T\u00e9cnica y tiempo. Raz\u00f3n y emoci\u00f3n. <\/i>Barcelona: Editorial Ariel S.A.<\/p>\n<p>P\u00e9rez, L. (2013). Informe: Levantamiento de osamentas disturbadas. Hallazgo osamentas en casa particular Thompson 115. Iquique: Concejo de Monumentos Nacionales.<span class=\"Apple-converted-space\">\u00a0<\/span><\/p>\n<p>Sanhueza, J. (1991) Evidencias culturales y etnobiol\u00f3gicas de cementerios hist\u00f3ricos en Iquique. I Regi\u00f3n, Chile: Una introducci\u00f3n.\u00a0 <i>Actas del XI Congreso Nacional de Arqueolog\u00eda Chilena<\/i>. Tomo II: 89-100. Museo de Historia Natural. Sociedad Chilena de Arqueolog\u00eda, Santiago.<\/p>\n<p>Trelles, E. (1991). <i>Lucas Mart\u00ednez Vegaso: funcionamiento de una encomienda peruana inicial. <\/i>Lima: Pontificia Universidad Cat\u00f3lica del Per\u00fa.<\/p>\n<p>Veloso, L., S\u00e1nchez, M. (1991). Caracter\u00edsticas geomorfol\u00f3gicas. \u00c1rea Litoral: Iquique \u2013 Caleta Molle. <i>Revista de Geograf\u00eda<\/i> <i>Norte Grande, <\/i>(18), 3-8.<\/p>\n<p>Villalobos, S. (1979). La econom\u00eda de un desierto. Tarapac\u00e1 durante la colonia. Santiago: Ediciones Nueva Universidad.<\/p>\n<\/div><\/div><\/div><\/div><\/section>\n<\/section>","protected":false},"excerpt":{"rendered":"El Morro en el pasado lejano: geomorfolog\u00eda, arqueolog\u00eda e historia hasta fines del periodo colonial.Dami\u00e1n Lo Ch\u00e1vezEn este primer apartado abordaremos algunos elementos asociados a tiempos remotos y que definieron el sector desde eras geol\u00f3gicas pasadas hasta fines del periodo colonial en el que Tarapac\u00e1 form\u00f3 parte del Virreinato del Per\u00fa. Es importante recalcar que la historia del Iquique colonial es, esencialmente, la historia del Morro por concentrar este sector la mayor parte de la poblaci\u00f3n dedicada a la pesca, la extracci\u00f3n de guano y el\u00a0 tr\u00e1fico portuario a peque\u00f1a escala. Es posible que El Morro haya sido habitado de forma permanente en el pasado prehisp\u00e1nico por pueblos originarios, sin embargo no contamos con evidencias arqueol\u00f3gicas decisivas al respecto. Sin embargo es probable este sector haya sido escenario de las actividades de los pobladores del temprano asentamiento de Ique-Ique que han sido identificados en dos cementerios precolombinos del periodo agroalfarero tard\u00edo. Estos registran la influencia de la Cultura Arica, adem\u00e1s de los cazadores recolectores costeros denominados com\u00fanmente como \u201ccamanchacas\u201d o \u201cchangos\u201d. No existe consenso cient\u00edfico respecto del origen morfol\u00f3gico del litoral tarapaque\u00f1o que actualmente alberga la ciudad de Iquique.\u00a0 Sin embargo contamos con algunas ideas generales que explican la peculiar...","protected":false},"author":1,"featured_media":0,"parent":0,"menu_order":0,"comment_status":"closed","ping_status":"closed","template":"","meta":{"footnotes":""},"class_list":["post-22668","page","type-page","status-publish","hentry"],"_links":{"self":[{"href":"https:\/\/museobarrioelmorro.cl\/index.php\/wp-json\/wp\/v2\/pages\/22668","targetHints":{"allow":["GET"]}}],"collection":[{"href":"https:\/\/museobarrioelmorro.cl\/index.php\/wp-json\/wp\/v2\/pages"}],"about":[{"href":"https:\/\/museobarrioelmorro.cl\/index.php\/wp-json\/wp\/v2\/types\/page"}],"author":[{"embeddable":true,"href":"https:\/\/museobarrioelmorro.cl\/index.php\/wp-json\/wp\/v2\/users\/1"}],"replies":[{"embeddable":true,"href":"https:\/\/museobarrioelmorro.cl\/index.php\/wp-json\/wp\/v2\/comments?post=22668"}],"version-history":[{"count":1,"href":"https:\/\/museobarrioelmorro.cl\/index.php\/wp-json\/wp\/v2\/pages\/22668\/revisions"}],"predecessor-version":[{"id":23162,"href":"https:\/\/museobarrioelmorro.cl\/index.php\/wp-json\/wp\/v2\/pages\/22668\/revisions\/23162"}],"wp:attachment":[{"href":"https:\/\/museobarrioelmorro.cl\/index.php\/wp-json\/wp\/v2\/media?parent=22668"}],"curies":[{"name":"wp","href":"https:\/\/api.w.org\/{rel}","templated":true}]}}